{"version":"1.0","provider_name":"HumanWare","provider_url":"https:\/\/www.humanware.com\/fr\/","title":"Juillet, mois de la fiert\u00e9 pour les personnes handicap\u00e9es : une c\u00e9l\u00e9bration qui gagne en reconnaissance au Qu\u00e9bec et au Canada - HumanWare","type":"rich","width":600,"height":338,"html":"<blockquote class=\"wp-embedded-content\" data-secret=\"rEMAYyH69E\"><a href=\"https:\/\/www.humanware.com\/fr\/nouvelles\/blogues\/disability-pride-month\/\">Juillet, mois de la fiert\u00e9 pour les personnes handicap\u00e9es : une c\u00e9l\u00e9bration qui gagne en reconnaissance au Qu\u00e9bec et au Canada<\/a><\/blockquote><iframe sandbox=\"allow-scripts\" security=\"restricted\" src=\"https:\/\/www.humanware.com\/fr\/nouvelles\/blogues\/disability-pride-month\/embed\/#?secret=rEMAYyH69E\" width=\"600\" height=\"338\" title=\"\u00ab\u00a0Juillet, mois de la fiert\u00e9 pour les personnes handicap\u00e9es : une c\u00e9l\u00e9bration qui gagne en reconnaissance au Qu\u00e9bec et au Canada\u00a0\u00bb &#8212; HumanWare\" data-secret=\"rEMAYyH69E\" frameborder=\"0\" marginwidth=\"0\" marginheight=\"0\" scrolling=\"no\" class=\"wp-embedded-content\"><\/iframe><script>\n\/*! This file is auto-generated *\/\n!function(d,l){\"use strict\";l.querySelector&&d.addEventListener&&\"undefined\"!=typeof URL&&(d.wp=d.wp||{},d.wp.receiveEmbedMessage||(d.wp.receiveEmbedMessage=function(e){var t=e.data;if((t||t.secret||t.message||t.value)&&!\/[^a-zA-Z0-9]\/.test(t.secret)){for(var s,r,n,a=l.querySelectorAll('iframe[data-secret=\"'+t.secret+'\"]'),o=l.querySelectorAll('blockquote[data-secret=\"'+t.secret+'\"]'),c=new RegExp(\"^https?:$\",\"i\"),i=0;i<o.length;i++)o[i].style.display=\"none\";for(i=0;i<a.length;i++)s=a[i],e.source===s.contentWindow&&(s.removeAttribute(\"style\"),\"height\"===t.message?(1e3<(r=parseInt(t.value,10))?r=1e3:~~r<200&&(r=200),s.height=r):\"link\"===t.message&&(r=new URL(s.getAttribute(\"src\")),n=new URL(t.value),c.test(n.protocol))&&n.host===r.host&&l.activeElement===s&&(d.top.location.href=t.value))}},d.addEventListener(\"message\",d.wp.receiveEmbedMessage,!1),l.addEventListener(\"DOMContentLoaded\",function(){for(var e,t,s=l.querySelectorAll(\"iframe.wp-embedded-content\"),r=0;r<s.length;r++)(t=(e=s[r]).getAttribute(\"data-secret\"))||(t=Math.random().toString(36).substring(2,12),e.src+=\"#?secret=\"+t,e.setAttribute(\"data-secret\",t)),e.contentWindow.postMessage({message:\"ready\",secret:t},\"*\")},!1)))}(window,document);\n\/\/# sourceURL=https:\/\/www.humanware.com\/wp-includes\/js\/wp-embed.min.js\n<\/script>\n","thumbnail_url":"https:\/\/www.humanware.com\/wp-content\/uploads\/2025\/07\/News-Thumb-proud-FR.jpg","thumbnail_width":346,"thumbnail_height":300,"description":"Chaque mois de juillet, le mois de la fiert\u00e9 pour les personnes handicap\u00e9es invite \u00e0 c\u00e9l\u00e9brer la diversit\u00e9, les r\u00e9alisations et les contributions des personnes vivant avec un handicap. Si cette initiative est bien \u00e9tablie aux \u00c9tats-Unis, elle prend de plus en plus d\u2019ampleur ici au Qu\u00e9bec et ailleurs au Canada."}